{"id":1157,"date":"2018-06-29T21:31:39","date_gmt":"2018-06-30T00:31:39","guid":{"rendered":"https:\/\/ifspp1-sgo.infd.edu.ar\/sitio\/imagenes\/"},"modified":"2020-09-07T09:19:49","modified_gmt":"2020-09-07T12:19:49","slug":"imagenes","status":"publish","type":"page","link":"https:\/\/ifspp1-sgo.infd.edu.ar\/sitio\/imagenes\/","title":{"rendered":"IMAGENES"},"content":{"rendered":"<p><span style=\"font-size: 12pt;\"><span style=\"color: #003366; background-color: #ffffff; font-family: 'arial black', sans-serif;\"><span style=\"font-size: 14pt;\">En este sitio se presentaran fotograf\u00edas que registran las acciones de la Carrera en los diferentes a\u00f1os..<\/span><\/span><\/span><\/p>\n<p>&nbsp;<\/p>\n<p><span style=\"font-size: 12pt;\"><span style=\"color: #003366; background-color: #ffff00; font-family: 'arial black', sans-serif; font-size: 24pt;\">2020<\/span><\/span><\/p>\n<h3>Este a\u00f1o tan particular por la Pandemia del Covid 19 nos oblig\u00f3 a generar nuevos modos de encuentros. Entonces, en toda la instituci\u00f3n, la virtualidad se volvi\u00f3 cotidiano; y atento a la necesidad de garantizar el derecho a la educaci\u00f3n de nuestros alumnos, todo el cuerpo docente se dedic\u00f3 con mucho esfuerzo, ingenio y estudio a llegar a nuestros estudiantes.<\/h3>\n<h3>Los alumnos tambi\u00e9n pusieron lo suyo, ingenio, creatividad, y con pocos o muchos recursos fueron sorteando los inconvenientes, muchos quedaron en el camino pero otros tantos siguen a paso firme. La tarea no ha terminado, y de a poco ya vamos descubriendo las fortalezas y planteando nuevos desaf\u00edos<\/h3>\n<p>Alumna de la Vieja curricula dando clases a alumnos de 4\u00b0 A<\/p>\n<p><img decoding=\"async\" loading=\"lazy\" class=\"alignnone size-full wp-image-1863\" src=\"https:\/\/ifspp1-sgo.infd.edu.ar\/sitio\/wp-content\/uploads\/2020\/09\/dando-clase.jpg\" alt=\"\" width=\"960\" height=\"528\" srcset=\"https:\/\/ifspp1-sgo.infd.edu.ar\/sitio\/wp-content\/uploads\/2020\/09\/dando-clase.jpg 960w, https:\/\/ifspp1-sgo.infd.edu.ar\/sitio\/wp-content\/uploads\/2020\/09\/dando-clase-768x422.jpg 768w\" sizes=\"(max-width: 960px) 100vw, 960px\" \/><\/p>\n<p>&nbsp;<\/p>\n<p>Reuni\u00f3n de docentes de la Carrera con la Directora Lic E Abreg\u00fa\u00a0<img decoding=\"async\" loading=\"lazy\" class=\"alignnone size-full wp-image-1864\" src=\"https:\/\/ifspp1-sgo.infd.edu.ar\/sitio\/wp-content\/uploads\/2020\/09\/reunion-de-personal-2.jpg\" alt=\"\" width=\"960\" height=\"540\" \/><img decoding=\"async\" loading=\"lazy\" class=\"alignnone size-full wp-image-1865\" src=\"https:\/\/ifspp1-sgo.infd.edu.ar\/sitio\/wp-content\/uploads\/2020\/09\/reunion-de-personal.jpg\" alt=\"\" width=\"960\" height=\"540\" \/><\/p>\n<p>Plataforma, tel\u00e9fono.. todo dispositivo sirve para lograr la continuidad pedag\u00f3gica<\/p>\n<p><img decoding=\"async\" loading=\"lazy\" class=\"alignnone size-full wp-image-1860\" src=\"https:\/\/ifspp1-sgo.infd.edu.ar\/sitio\/wp-content\/uploads\/2020\/09\/chicos-celular.jpg\" alt=\"\" width=\"528\" height=\"960\" \/><\/p>\n<p>Alumnos de 1\u00b0 B presentando una integraci\u00f3n de contenidos.<\/p>\n<p><img decoding=\"async\" loading=\"lazy\" class=\"alignnone size-full wp-image-1862\" src=\"https:\/\/ifspp1-sgo.infd.edu.ar\/sitio\/wp-content\/uploads\/2020\/09\/chicos-historia-1.jpg\" alt=\"\" width=\"528\" height=\"960\" \/><\/p>\n<p>No falt\u00f3 la charla con la gente del ARCHIVO HIST\u00d3RICO DE LA PROVINCIA que generosamente, acudieron a dar una video conferencia que termino siendo un conversatorio con alumnos de 1\u00b0 A y B .. Gracias al Director Juan Via\u00f1a y a Solanghe su asistente<\/p>\n<p><img decoding=\"async\" loading=\"lazy\" class=\"alignnone size-full wp-image-1867\" src=\"https:\/\/ifspp1-sgo.infd.edu.ar\/sitio\/wp-content\/uploads\/2020\/09\/118913147_10223976395343093_1745979695000217218_n-1.jpg\" alt=\"\" width=\"528\" height=\"960\" \/><\/p>\n<p>Los alumnos aprendieron a dar un uso pedag\u00f3gico a diferentes plataformas.. y asi comenzaron a subir sus producciones en youtube o a usar aplicaciones para explicar un contenido..<\/p>\n<p><img decoding=\"async\" loading=\"lazy\" class=\"alignnone size-full wp-image-1869\" src=\"https:\/\/ifspp1-sgo.infd.edu.ar\/sitio\/wp-content\/uploads\/2020\/09\/118951584_10223976459984709_6180340712859966100_n.jpg\" alt=\"\" width=\"960\" height=\"960\" srcset=\"https:\/\/ifspp1-sgo.infd.edu.ar\/sitio\/wp-content\/uploads\/2020\/09\/118951584_10223976459984709_6180340712859966100_n.jpg 960w, https:\/\/ifspp1-sgo.infd.edu.ar\/sitio\/wp-content\/uploads\/2020\/09\/118951584_10223976459984709_6180340712859966100_n-500x500.jpg 500w, https:\/\/ifspp1-sgo.infd.edu.ar\/sitio\/wp-content\/uploads\/2020\/09\/118951584_10223976459984709_6180340712859966100_n-768x768.jpg 768w\" sizes=\"(max-width: 960px) 100vw, 960px\" \/><\/p>\n<p><img decoding=\"async\" loading=\"lazy\" class=\"alignnone size-full wp-image-1870\" src=\"https:\/\/ifspp1-sgo.infd.edu.ar\/sitio\/wp-content\/uploads\/2020\/09\/118957943_10223976461264741_5882559281806988741_n.jpg\" alt=\"\" width=\"960\" height=\"960\" srcset=\"https:\/\/ifspp1-sgo.infd.edu.ar\/sitio\/wp-content\/uploads\/2020\/09\/118957943_10223976461264741_5882559281806988741_n.jpg 960w, https:\/\/ifspp1-sgo.infd.edu.ar\/sitio\/wp-content\/uploads\/2020\/09\/118957943_10223976461264741_5882559281806988741_n-500x500.jpg 500w, https:\/\/ifspp1-sgo.infd.edu.ar\/sitio\/wp-content\/uploads\/2020\/09\/118957943_10223976461264741_5882559281806988741_n-768x768.jpg 768w\" sizes=\"(max-width: 960px) 100vw, 960px\" \/><\/p>\n<p><img decoding=\"async\" loading=\"lazy\" class=\"alignnone size-medium wp-image-1871\" src=\"https:\/\/ifspp1-sgo.infd.edu.ar\/sitio\/wp-content\/uploads\/2020\/09\/118961049_10223976422663776_915960453504966136_o-1000x1000.jpg\" alt=\"\" width=\"1000\" height=\"1000\" srcset=\"https:\/\/ifspp1-sgo.infd.edu.ar\/sitio\/wp-content\/uploads\/2020\/09\/118961049_10223976422663776_915960453504966136_o-1000x1000.jpg 1000w, https:\/\/ifspp1-sgo.infd.edu.ar\/sitio\/wp-content\/uploads\/2020\/09\/118961049_10223976422663776_915960453504966136_o-500x500.jpg 500w, https:\/\/ifspp1-sgo.infd.edu.ar\/sitio\/wp-content\/uploads\/2020\/09\/118961049_10223976422663776_915960453504966136_o-768x768.jpg 768w, https:\/\/ifspp1-sgo.infd.edu.ar\/sitio\/wp-content\/uploads\/2020\/09\/118961049_10223976422663776_915960453504966136_o.jpg 1440w\" sizes=\"(max-width: 1000px) 100vw, 1000px\" \/><\/p>\n<p><span style=\"font-size: 12pt;\"><span style=\"color: #003366; background-color: #ffff00; font-family: 'arial black', sans-serif; font-size: 24pt;\">2017\u00a0<\/span><br \/>\n<\/span><\/p>\n<p><span style=\"font-size: 12pt;\">A findes de Mayo de 2017, se recibio de profesora de Historia la Srta JOHANA COMAN, siendo la primera egresada en el nuevo local pero de la Vieja Curricula\u00a0<\/span><\/p>\n<p><span style=\"font-size: 12pt;\"><img decoding=\"async\" title=\"Joana Coman fue la primera en rendir un examen final en el nuevo local.\" src=\"https:\/\/ifspp1-sgo.infd.edu.ar\/sitio\/wp-content\/uploads\/2018\/06\/EGRESADA.jpg\" alt=\"Joana Coman fue la primera en rendir un examen final en el nuevo local.\" border=\"0\" \/><\/span><\/p>\n<p><span style=\"font-size: 12pt;\">La Lic Sara Stancampiano, la Nueva Egresada Johana Coman, la Lic Monica Cantoni y el Mgter Daniel Guzman fueron los intergrantes del tribunal examinador.\u00a0<\/span><\/p>\n<p><span style=\"font-size: 24pt; background-color: #ffff00;\"><strong><span style=\"color: #000080;\">2014<\/span><\/strong><\/span><\/p>\n<p><span style=\"font-size: 12pt;\"><strong>Viaje a Barrancas Coloradas de alumnos de 1\u00b0 B y C de la Carrera en el marco del proyecto de la Lic N\u00e9lida Ferreyra \u00abLos Tonocot\u00e9s en Santiago del Estero: \u00bfactores invisibles de una cultura milenaria?<\/strong><\/span><\/p>\n<p><span style=\"font-size: 12pt;\"><strong>Acompa\u00f1aron a la delegacion los Profesores Susana Carrillo, Rodrigo Medina, Marcos Michel, Maria Luz Sanchez y la bedel Anabella Tijera<\/strong><\/span><\/p>\n<p><span style=\"font-size: 12pt;\"><strong><img decoding=\"async\" loading=\"lazy\" title=\"Viaje realizado por alumnos de 1\u00b0 B y C de la Carrera de Historia, bajo la coordinaci\u00f3n de la Licenciada N\u00e9lida Ferreyra\" src=\"https:\/\/ifspp1-sgo.infd.edu.ar\/sitio\/wp-content\/uploads\/2018\/06\/Culturas_Originarias.jpg\" alt=\"Viaje realizado por alumnos de 1\u00b0 B y C de la Carrera de Historia, bajo la coordinaci\u00f3n de la Licenciada N\u00e9lida Ferreyra\" width=\"662\" height=\"585\" border=\"0\" \/><\/strong><\/span><\/p>\n<p>&nbsp;<\/p>\n<p><span style=\"font-size: 12pt;\"><strong>Acto de COLACION octubre de 2014<\/strong><\/span><\/p>\n<p><span style=\"font-size: 12pt;\"><strong>Realizado en el Paranifo de la UNSE asistiereon alumnos de 5 cohortes diferentes..<\/strong><\/span><\/p>\n<p><span style=\"font-size: 12pt;\"><strong><img decoding=\"async\" loading=\"lazy\" title=\"\" src=\"https:\/\/ifspp1-sgo.infd.edu.ar\/sitio\/wp-content\/uploads\/2018\/06\/ccc.jpg\" alt=\"\" width=\"703\" height=\"383\" border=\"0\" \/><img decoding=\"async\" loading=\"lazy\" title=\"\" src=\"https:\/\/ifspp1-sgo.infd.edu.ar\/sitio\/wp-content\/uploads\/2018\/06\/dddd.jpg\" alt=\"\" width=\"704\" height=\"380\" border=\"0\" \/><img decoding=\"async\" loading=\"lazy\" title=\"\" src=\"https:\/\/ifspp1-sgo.infd.edu.ar\/sitio\/wp-content\/uploads\/2018\/06\/eeeee.jpg\" alt=\"\" width=\"703\" height=\"361\" border=\"0\" \/><img decoding=\"async\" loading=\"lazy\" title=\"\" src=\"https:\/\/ifspp1-sgo.infd.edu.ar\/sitio\/wp-content\/uploads\/2018\/06\/gggggg.jpg\" alt=\"\" width=\"703\" height=\"379\" border=\"0\" \/><img decoding=\"async\" loading=\"lazy\" title=\"\" src=\"https:\/\/ifspp1-sgo.infd.edu.ar\/sitio\/wp-content\/uploads\/2018\/06\/wwwwww_1.jpg\" alt=\"\" width=\"705\" height=\"361\" border=\"0\" \/><img decoding=\"async\" loading=\"lazy\" title=\"\" src=\"https:\/\/ifspp1-sgo.infd.edu.ar\/sitio\/wp-content\/uploads\/2018\/06\/wwwwwwe.jpg\" alt=\"\" width=\"690\" height=\"730\" border=\"0\" \/><img decoding=\"async\" loading=\"lazy\" title=\"\" src=\"https:\/\/ifspp1-sgo.infd.edu.ar\/sitio\/wp-content\/uploads\/2018\/06\/EEEEEEEEEEEEEEE.jpg\" alt=\"\" width=\"689\" height=\"425\" border=\"0\" \/><\/strong><\/span><\/p>\n<p><img decoding=\"async\" loading=\"lazy\" title=\"\" src=\"https:\/\/ifspp1-sgo.infd.edu.ar\/sitio\/wp-content\/uploads\/2018\/06\/wwwwwwwwwww_1.jpg\" alt=\"\" width=\"607\" height=\"778\" border=\"0\" \/><\/p>\n<p>&nbsp;<\/p>\n<p><span style=\"font-size: 12pt;\">El profesor Daniel Guzman, presento un nuevo libro en la Feria del Libro de la Ciudad, acompa\u00f1ado por los Dres. Gustavo Carreras y Alberto Tasso. (Oct 2914)<\/span><\/p>\n<p><span style=\"font-size: 12pt;\"><img decoding=\"async\" loading=\"lazy\" title=\"El Mgter Daniel Guzman, presento un libro en el Marco de la Feria del Libro de la Ciudad.\" src=\"https:\/\/ifspp1-sgo.infd.edu.ar\/sitio\/wp-content\/uploads\/2018\/06\/10735969_10205207135196945_1367203718_n_1.jpg\" alt=\"El Mgter Daniel Guzman, presento un libro en el Marco de la Feria del Libro de la Ciudad.\" width=\"625\" height=\"535\" border=\"0\" \/><\/span><\/p>\n<p><img decoding=\"async\" loading=\"lazy\" title=\"\" src=\"https:\/\/ifspp1-sgo.infd.edu.ar\/sitio\/wp-content\/uploads\/2018\/06\/DANIELLLLL.jpg\" alt=\"\" width=\"639\" height=\"473\" border=\"0\" \/><\/p>\n<p><span style=\"font-size: 12pt;\">2\u00b0 JORNADAS DE HISTORIA DE SANTIAGO DEL ESTERO, organizadas por la UNSE, el Profesorado LA SAGRADA FAMILIA y el ISPP N\u00b0 1. <\/span><\/p>\n<p><span style=\"font-size: 12pt;\"><img decoding=\"async\" loading=\"lazy\" title=\"\" src=\"https:\/\/ifspp1-sgo.infd.edu.ar\/sitio\/wp-content\/uploads\/2018\/06\/2014-08-22_18.53.22.jpg\" alt=\"\" width=\"649\" height=\"452\" border=\"0\" \/><\/span><\/p>\n<p><span style=\"font-size: 12pt;\"><img decoding=\"async\" loading=\"lazy\" title=\"Organizadores, expositores y alumnos participantes\" src=\"https:\/\/ifspp1-sgo.infd.edu.ar\/sitio\/wp-content\/uploads\/2018\/06\/2014-08-22_18.53.28.jpg\" alt=\"Organizadores, expositores y alumnos participantes\" width=\"645\" height=\"476\" border=\"0\" \/><img decoding=\"async\" loading=\"lazy\" title=\"\" src=\"https:\/\/ifspp1-sgo.infd.edu.ar\/sitio\/wp-content\/uploads\/2018\/06\/2014-08-21_18.36.12.jpg\" alt=\"\" width=\"647\" height=\"545\" border=\"0\" \/><img decoding=\"async\" loading=\"lazy\" title=\"\" src=\"https:\/\/ifspp1-sgo.infd.edu.ar\/sitio\/wp-content\/uploads\/2018\/06\/2014-08-21_17.33.14.jpg\" alt=\"\" width=\"649\" height=\"483\" border=\"0\" \/><img decoding=\"async\" loading=\"lazy\" title=\"\" src=\"https:\/\/ifspp1-sgo.infd.edu.ar\/sitio\/wp-content\/uploads\/2018\/06\/2014-08-21_16.38.04.jpg\" alt=\"\" width=\"668\" height=\"507\" border=\"0\" \/><\/span><\/p>\n<p><span style=\"font-size: 12pt;\">Presentaci\u00f3n del libro trabajado desde la Carrera en la Feria del Libro en la Ciudad de Buenos Aires. Abril 2014<\/span><\/p>\n<p><img decoding=\"async\" loading=\"lazy\" title=\"Presentacion del Libro \" src=\"https:\/\/ifspp1-sgo.infd.edu.ar\/sitio\/wp-content\/uploads\/2018\/06\/P1030861.jpg\" alt=\"Presentacion del Libro \" width=\"806\" height=\"877\" border=\"0\" \/><\/p>\n<p>&nbsp;<\/p>\n<p><span style=\"font-size: medium;\">Delegaci\u00f3n completa de alumnos del 4\u00b0 a\u00f1o de Historia que presentaron trabajos de investigaci\u00f3n relacionados con el proyecto MALVINAS, MEMORIA, SOBERANIA. Buenos Aires Abril 2014<\/span><\/p>\n<p><img decoding=\"async\" title=\"Grupo de Alumnos de 4\u00b0 a\u00f1o de Historia que participaron de la Convocatoria y que fueron premiados con la publicaci\u00f3n de sus trabajos.\" src=\"https:\/\/ifspp1-sgo.infd.edu.ar\/sitio\/wp-content\/uploads\/2018\/06\/IMAGEN_FINAL_DE_MALVINAS.jpg\" alt=\"Grupo de Alumnos de 4\u00b0 a\u00f1o de Historia que participaron de la Convocatoria y que fueron premiados con la publicaci\u00f3n de sus trabajos.\" border=\"0\" \/><\/p>\n","protected":false},"excerpt":{"rendered":"<p>En este sitio se presentaran fotograf\u00edas que registran las acciones de la Carrera en los diferentes a\u00f1os.. &nbsp; 2020 Este a\u00f1o tan particular por la Pandemia del Covid 19 nos oblig\u00f3 a generar nuevos modos de encuentros. Entonces, en toda la instituci\u00f3n, la virtualidad se volvi\u00f3 cotidiano; y atento a la necesidad de garantizar el &#8230; <a title=\"IMAGENES\" class=\"read-more\" href=\"https:\/\/ifspp1-sgo.infd.edu.ar\/sitio\/imagenes\/\" aria-label=\"More on IMAGENES\">[+]<\/a><\/p>\n","protected":false},"author":693,"featured_media":0,"parent":0,"menu_order":0,"comment_status":"closed","ping_status":"closed","template":"","meta":[],"acf":[],"_links":{"self":[{"href":"https:\/\/ifspp1-sgo.infd.edu.ar\/sitio\/wp-json\/wp\/v2\/pages\/1157"}],"collection":[{"href":"https:\/\/ifspp1-sgo.infd.edu.ar\/sitio\/wp-json\/wp\/v2\/pages"}],"about":[{"href":"https:\/\/ifspp1-sgo.infd.edu.ar\/sitio\/wp-json\/wp\/v2\/types\/page"}],"author":[{"embeddable":true,"href":"https:\/\/ifspp1-sgo.infd.edu.ar\/sitio\/wp-json\/wp\/v2\/users\/693"}],"replies":[{"embeddable":true,"href":"https:\/\/ifspp1-sgo.infd.edu.ar\/sitio\/wp-json\/wp\/v2\/comments?post=1157"}],"version-history":[{"count":5,"href":"https:\/\/ifspp1-sgo.infd.edu.ar\/sitio\/wp-json\/wp\/v2\/pages\/1157\/revisions"}],"predecessor-version":[{"id":1874,"href":"https:\/\/ifspp1-sgo.infd.edu.ar\/sitio\/wp-json\/wp\/v2\/pages\/1157\/revisions\/1874"}],"wp:attachment":[{"href":"https:\/\/ifspp1-sgo.infd.edu.ar\/sitio\/wp-json\/wp\/v2\/media?parent=1157"}],"curies":[{"name":"wp","href":"https:\/\/api.w.org\/{rel}","templated":true}]}}