{"id":1078,"date":"2018-06-29T21:31:05","date_gmt":"2018-06-30T00:31:05","guid":{"rendered":"https:\/\/ifspp1-sgo.infd.edu.ar\/sitio\/el-instituto\/"},"modified":"2026-04-03T13:10:50","modified_gmt":"2026-04-03T16:10:50","slug":"el-instituto","status":"publish","type":"page","link":"https:\/\/ifspp1-sgo.infd.edu.ar\/sitio\/el-instituto\/","title":{"rendered":"El Instituto"},"content":{"rendered":"<p><span style=\"color: #000080; font-family: arial,helvetica,sans-serif; font-size: 14pt;\"><span style=\"color: #000080; font-family: arial,helvetica,sans-serif; font-size: 14pt;\"><span style=\"color: #000080; font-family: arial,helvetica,sans-serif; font-size: 14pt;\"><span style=\"color: #000080; font-family: arial,helvetica,sans-serif; font-size: 14pt;\">El<strong><span style=\"color: #ff6600;\"> Instituto Superior del Profesorado Provincial N\u00ba 1<\/span>,<\/strong> comenz\u00f3 a funcionar con car\u00e1cter de Instituto Privado en el a\u00f1o 1962. Las clases se desarrollaban en la Escuela de Manualidades y Tejidos, sito en Mitre N\u00ba 239. \u00a0Hasta Mayo del 2017 d<\/span><\/span><\/span><\/span><span style=\"color: #000080; font-family: arial,helvetica,sans-serif; font-size: 14pt;\"><span style=\"color: #000080; font-family: arial,helvetica,sans-serif; font-size: 14pt;\"><span style=\"color: #000080; font-family: arial,helvetica,sans-serif; font-size: 14pt;\"><span style=\"color: #000080; font-family: arial,helvetica,sans-serif; font-size: 14pt;\">esarroll\u00f3 sus actividades acad\u00e9micas en: \u00a0<\/span><\/span><\/span><\/span><span style=\"color: #000080; font-family: arial,helvetica,sans-serif; font-size: 14pt;\">sede de la <span style=\"color: #003366;\"><strong>Escuela del Centenario,<\/strong> Rivadavia y C\u00f3rdoba, en horario de 19 a 23:20 hs y en el\u00a0<\/span><\/span><span style=\"color: #000080; font-family: arial,helvetica,sans-serif; font-size: 14pt;\" data-mce-mark=\"1\"><span style=\"color: #000080; font-family: arial,helvetica,sans-serif; font-size: 14pt;\" data-mce-mark=\"1\"><span style=\"color: #000080; font-family: arial,helvetica,sans-serif; font-size: 14pt;\" data-mce-mark=\"1\"><span style=\"color: #000080; font-family: arial,helvetica,sans-serif; font-size: 14pt;\" data-mce-mark=\"1\"><span style=\"color: #003366;\">Anexo en el <strong>Colegio Absal\u00f3n Rojas<\/strong>, Libertad entr<\/span>e Moreno y Garibaldi, de 19 a 23:20 hs.<\/span><\/span><\/span><\/span><\/p>\n<p><span style=\"color: #000080; font-family: arial,helvetica,sans-serif; font-size: 14pt;\" data-mce-mark=\"1\"><span style=\"color: #000080; font-family: arial,helvetica,sans-serif; font-size: 14pt;\" data-mce-mark=\"1\"><span style=\"color: #000080; font-family: arial,helvetica,sans-serif; font-size: 14pt;\" data-mce-mark=\"1\"><span style=\"color: #000080; font-family: arial,helvetica,sans-serif; font-size: 14pt;\" data-mce-mark=\"1\">A partir del mes de mayo del 2017 el I.S.P.P. N\u00b01 tiene local propio sito en el Barrio San Germ\u00e9s<\/span><\/span><\/span><\/span><\/p>\n<p><span style=\"color: #000080; font-family: arial,helvetica,sans-serif; font-size: 14pt;\" data-mce-mark=\"1\">&#8212;&#8212;&#8212;&#8212;&#8212;&#8212;&#8212;&#8212;&#8212;&#8212;&#8212;&#8212;&#8212;&#8212;&#8212;&#8212;&#8212;&#8212;&#8212;&#8212;&#8212;&#8212;&#8212;-<\/span><\/p>\n<p><span style=\"color: #000080; font-family: arial,helvetica,sans-serif; font-size: 14pt;\">AUTORIDADES:<\/span><\/p>\n<p style=\"text-align: left;\"><span style=\"color: #000080; font-family: arial,helvetica,sans-serif; font-size: 14pt;\">\u00a0\u00a0\u00a0\u00a0\u00a0\u00a0\u00a0\u00a0\u00a0\u00a0\u00a0\u00a0\u00a0\u00a0\u00a0\u00a0 RECTORA: a \/ c <span style=\"color: #008000;\"><em>Lic Martha R. Coronel<\/em><\/span><\/span><\/p>\n<p style=\"text-align: left;\"><span style=\"color: #333399; font-family: arial,helvetica,sans-serif; font-size: 14pt;\">\u00a0\u00a0\u00a0\u00a0\u00a0\u00a0\u00a0\u00a0\u00a0\u00a0\u00a0\u00a0\u00a0\u00a0\u00a0\u00a0 <span style=\"color: #000080;\">VICERRECTOR:<\/span> <\/span><\/p>\n<p style=\"text-align: left;\"><span style=\"color: #333399; font-family: arial, helvetica, sans-serif; font-size: 14pt;\">\u00a0\u00a0\u00a0\u00a0\u00a0\u00a0\u00a0\u00a0\u00a0\u00a0\u00a0\u00a0\u00a0\u00a0\u00a0\u00a0\u00a0\u00a0\u00a0\u00a0\u00a0\u00a0 turno ma\u00f1ana: <\/span><span style=\"color: #ff6600; font-family: arial, helvetica, sans-serif; font-size: 14pt;\"><em>a\/c<\/em><\/span><\/p>\n<p style=\"text-align: left;\"><span style=\"color: #ff6600; font-family: arial, helvetica, sans-serif; font-size: 14pt;\"><span style=\"color: #333399;\">\u00a0\u00a0\u00a0\u00a0\u00a0\u00a0\u00a0\u00a0\u00a0\u00a0\u00a0\u00a0\u00a0\u00a0\u00a0\u00a0\u00a0\u00a0\u00a0\u00a0\u00a0\u00a0 turno tarde:<\/span><em><em> Lic\u00a0<\/em><\/em><\/span><\/p>\n<p style=\"text-align: left;\"><span style=\"color: #000080; font-family: arial,helvetica,sans-serif; font-size: 14pt;\"><span style=\"color: #333399;\">\u00a0\u00a0\u00a0\u00a0\u00a0\u00a0\u00a0\u00a0\u00a0\u00a0\u00a0\u00a0\u00a0\u00a0\u00a0\u00a0\u00a0\u00a0\u00a0\u00a0\u00a0\u00a0 turno noche:<\/span><span style=\"color: #ff6600;\"> <em>Lic<\/em><\/span><\/span><\/p>\n<p style=\"text-align: center;\">\n<p style=\"text-align: left;\"><span style=\"color: #000080; font-family: arial,helvetica,sans-serif; font-size: 14pt;\">Directores de Carreras:<\/span><\/p>\n<p style=\"text-align: left;\">\u00a0 \u00a0 \u00a0 \u00a0 \u00a0 \u00a0\u00a0\u00a0\u00a0\u00a0\u00a0\u00a0\u00a0\u00a0 <span style=\"color: #000080; font-family: arial,helvetica,sans-serif; font-size: 14pt;\">FILOSOF\u00cdA: \u00a0\u00a0\u00a0\u00a0 <\/span><\/p>\n<p style=\"text-align: left;\"><span style=\"color: #000080; font-family: arial,helvetica,sans-serif; font-size: 14pt;\">\u00a0 \u00a0 \u00a0 \u00a0 \u00a0 \u00a0\u00a0\u00a0 \u00a0 \u00a0\u00a0 HISTORIA: \u00a0<\/span><\/p>\n<p style=\"text-align: left;\"><em><span style=\"color: #000080; font-family: arial,helvetica,sans-serif; font-size: 14pt;\">\u00a0 \u00a0 \u00a0 \u00a0 \u00a0 \u00a0 \u00a0 \u00a0\u00a0\u00a0 \u00a0 \u00a0 \u00a0<\/span><\/em><span style=\"color: #000080; font-family: arial,helvetica,sans-serif; font-size: 14pt;\"> Direc<\/span><span style=\"color: #000080; font-family: arial,helvetica,sans-serif; font-size: 14pt;\">tora:<\/span><span style=\"color: #ff00ff;\"><em><span style=\"font-family: arial,helvetica,sans-serif; font-size: 14pt;\"><span style=\"color: #800080;\"> \u00a0\u00a0\u00a0 <\/span>\u00a0<\/span><\/em><\/span><\/p>\n<p style=\"text-align: left;\"><span style=\"color: #000080; font-family: arial,helvetica,sans-serif; font-size: 14pt;\"><em>\u00a0 \u00a0 \u00a0 \u00a0 \u00a0 \u00a0 \u00a0 \u00a0\u00a0\u00a0 \u00a0 \u00a0 \u00a0<\/em> Subdirector:<span style=\"color: #ff00ff;\"> \u00a0\u00a0<\/span> \u00a0 \u00a0\u00a0<\/span><\/p>\n<p style=\"text-align: left;\"><span style=\"color: #000080; font-family: arial,helvetica,sans-serif; font-size: 14pt;\">\u00a0 \u00a0 \u00a0 \u00a0 \u00a0 \u00a0 \u00a0 \u00a0 \u00a0\u00a0 EDUCACI\u00d3N F\u00cdSICA:\u00a0 <\/span><\/p>\n<p style=\"text-align: left;\"><span style=\"color: #800080;\"><span style=\"font-family: arial,helvetica,sans-serif; font-size: 14pt;\"><em>\u00a0 \u00a0 \u00a0 \u00a0 \u00a0 \u00a0 \u00a0 \u00a0 \u00a0 \u00a0 \u00a0 \u00a0 \u00a0 \u00a0 \u00a0 \u00a0 \u00a0 \u00a0 \u00a0 \u00a0 \u00a0 \u00a0\u00a0<\/em><\/span><\/span><\/p>\n<p style=\"text-align: left;\"><span style=\"color: #800080;\"><span style=\"font-family: arial,helvetica,sans-serif; font-size: 14pt;\"><em>\u00a0\u00a0\u00a0\u00a0\u00a0\u00a0\u00a0\u00a0\u00a0\u00a0\u00a0\u00a0\u00a0\u00a0\u00a0\u00a0\u00a0\u00a0\u00a0\u00a0\u00a0\u00a0\u00a0\u00a0\u00a0\u00a0\u00a0\u00a0\u00a0\u00a0\u00a0\u00a0\u00a0\u00a0\u00a0\u00a0\u00a0\u00a0\u00a0\u00a0\u00a0\u00a0\u00a0 Prof.<\/em><\/span><\/span><\/p>\n<p style=\"text-align: left;\"><span style=\"color: #000080; font-family: arial,helvetica,sans-serif; font-size: 14pt;\">\u00a0 \u00a0 \u00a0 \u00a0 \u00a0 \u00a0 \u00a0 \u00a0\u00a0 \u00a0 EDUCACI\u00d3N ESPECIAL: <\/span><\/p>\n<p style=\"text-align: left;\"><span style=\"color: #000080; font-family: arial,helvetica,sans-serif; font-size: 14pt;\"><span style=\"color: #ff6600;\"><em><span style=\"color: #800080;\">\u00a0\u00a0\u00a0\u00a0\u00a0\u00a0\u00a0\u00a0\u00a0\u00a0\u00a0\u00a0\u00a0\u00a0\u00a0\u00a0\u00a0\u00a0\u00a0\u00a0\u00a0\u00a0\u00a0\u00a0\u00a0\u00a0\u00a0\u00a0\u00a0\u00a0\u00a0\u00a0\u00a0\u00a0\u00a0\u00a0\u00a0\u00a0\u00a0\u00a0\u00a0\u00a0 Lic.<\/span><br \/>\n<\/em><\/span><\/span><\/p>\n<p style=\"text-align: left;\"><span style=\"color: #000080; font-family: arial,helvetica,sans-serif; font-size: 14pt;\"><span style=\"color: #000080; font-family: arial,helvetica,sans-serif; font-size: 14pt;\">\u00a0 \u00a0 \u00a0 \u00a0 \u00a0 \u00a0 \u00a0 \u00a0\u00a0 \u00a0 BIOLOG\u00cdA:<em>\u00a0<span style=\"color: #800080;\"> \u00a0\u00a0\u00a0 Prof.<\/span><\/em><\/span><\/span><\/p>\n<p style=\"text-align: left;\"><span style=\"color: #008000; font-family: arial, helvetica, sans-serif; font-size: 14pt;\"><span style=\"font-family: arial,helvetica,sans-serif; font-size: 14pt;\"><span style=\"color: #000080;\">\u00a0 \u00a0 \u00a0 \u00a0 \u00a0 \u00a0 \u00a0 \u00a0 \u00a0 CIENCIAS DE LA EDUCACI\u00d3N:<\/span><\/span><\/span><\/p>\n<p style=\"text-align: left;\"><span style=\"color: #008000; font-family: arial, helvetica, sans-serif; font-size: 14pt;\"><span style=\"font-family: arial,helvetica,sans-serif; font-size: 14pt;\"><span style=\"color: #800080;\">\u00a0\u00a0\u00a0\u00a0\u00a0\u00a0\u00a0\u00a0\u00a0\u00a0\u00a0\u00a0\u00a0\u00a0\u00a0\u00a0\u00a0\u00a0\u00a0\u00a0\u00a0\u00a0\u00a0\u00a0\u00a0\u00a0\u00a0\u00a0\u00a0\u00a0\u00a0\u00a0\u00a0\u00a0\u00a0\u00a0\u00a0\u00a0\u00a0\u00a0\u00a0\u00a0 &#8230;&#8230;&#8230;&#8230;&#8230;&#8230;&#8230;.<\/span><br \/>\n<\/span><\/span><\/p>\n<p style=\"text-align: center;\">\n","protected":false},"excerpt":{"rendered":"<p>El Instituto Superior del Profesorado Provincial N\u00ba 1, comenz\u00f3 a funcionar con car\u00e1cter de Instituto Privado en el a\u00f1o 1962. Las clases se desarrollaban en la Escuela de Manualidades y Tejidos, sito en Mitre N\u00ba 239. \u00a0Hasta Mayo del 2017 desarroll\u00f3 sus actividades acad\u00e9micas en: \u00a0sede de la Escuela del Centenario, Rivadavia y C\u00f3rdoba, en &#8230; <a title=\"El Instituto\" class=\"read-more\" href=\"https:\/\/ifspp1-sgo.infd.edu.ar\/sitio\/el-instituto\/\" aria-label=\"More on El Instituto\">[+]<\/a><\/p>\n","protected":false},"author":693,"featured_media":0,"parent":0,"menu_order":0,"comment_status":"closed","ping_status":"closed","template":"","meta":[],"acf":[],"_links":{"self":[{"href":"https:\/\/ifspp1-sgo.infd.edu.ar\/sitio\/wp-json\/wp\/v2\/pages\/1078"}],"collection":[{"href":"https:\/\/ifspp1-sgo.infd.edu.ar\/sitio\/wp-json\/wp\/v2\/pages"}],"about":[{"href":"https:\/\/ifspp1-sgo.infd.edu.ar\/sitio\/wp-json\/wp\/v2\/types\/page"}],"author":[{"embeddable":true,"href":"https:\/\/ifspp1-sgo.infd.edu.ar\/sitio\/wp-json\/wp\/v2\/users\/693"}],"replies":[{"embeddable":true,"href":"https:\/\/ifspp1-sgo.infd.edu.ar\/sitio\/wp-json\/wp\/v2\/comments?post=1078"}],"version-history":[{"count":4,"href":"https:\/\/ifspp1-sgo.infd.edu.ar\/sitio\/wp-json\/wp\/v2\/pages\/1078\/revisions"}],"predecessor-version":[{"id":4142,"href":"https:\/\/ifspp1-sgo.infd.edu.ar\/sitio\/wp-json\/wp\/v2\/pages\/1078\/revisions\/4142"}],"wp:attachment":[{"href":"https:\/\/ifspp1-sgo.infd.edu.ar\/sitio\/wp-json\/wp\/v2\/media?parent=1078"}],"curies":[{"name":"wp","href":"https:\/\/api.w.org\/{rel}","templated":true}]}}